{"id":710,"date":"2024-11-17T08:49:59","date_gmt":"2024-11-17T08:49:59","guid":{"rendered":"https:\/\/www.smiroslavou.art\/?page_id=710"},"modified":"2024-11-28T06:50:00","modified_gmt":"2024-11-28T06:50:00","slug":"gdpr","status":"publish","type":"page","link":"https:\/\/www.smiroslavou.art\/?page_id=710","title":{"rendered":"GDPR"},"content":{"rendered":"<p>[et_pb_section fb_built=&#8220;1&#8243; admin_label=&#8220;Feature&#8220; _builder_version=&#8220;4.20.4&#8243; _module_preset=&#8220;default&#8220; background_color=&#8220;#f9f6f5&#8243; background_enable_image=&#8220;off&#8220; parallax=&#8220;on&#8220; custom_margin=&#8220;||-24px|||&#8220; custom_padding=&#8220;0px||0px|||&#8220; global_colors_info=&#8220;{}&#8220;][\/et_pb_section][et_pb_section fb_built=&#8220;1&#8243; admin_label=&#8220;Events&#8220; _builder_version=&#8220;4.20.4&#8243; _module_preset=&#8220;default&#8220; background_color=&#8220;#FFFFFF&#8220; background_enable_image=&#8220;off&#8220; custom_margin=&#8220;44px|||||&#8220; custom_padding=&#8220;0px||0px|||&#8220; global_colors_info=&#8220;{}&#8220;][et_pb_row _builder_version=&#8220;4.16&#8243; _module_preset=&#8220;default&#8220; custom_margin=&#8220;-49px|auto||auto||&#8220; custom_padding=&#8220;||0px|||&#8220; global_colors_info=&#8220;{}&#8220;][et_pb_column type=&#8220;4_4&#8243; _builder_version=&#8220;4.16&#8243; _module_preset=&#8220;default&#8220; global_colors_info=&#8220;{}&#8220;][et_pb_text module_id=&#8220;nab\u00edz\u00edm&#8220; _builder_version=&#8220;4.27.2&#8243; _module_preset=&#8220;default&#8220; header_2_font=&#8220;Crimson Text||||||||&#8220; header_2_text_color=&#8220;#a26737&#8243; header_2_font_size=&#8220;80px&#8220; text_orientation=&#8220;center&#8220; custom_margin=&#8220;1px||-19px|||&#8220; custom_padding=&#8220;0px||1px|||&#8220; header_2_font_size_tablet=&#8220;42px&#8220; header_2_font_size_phone=&#8220;26px&#8220; header_2_font_size_last_edited=&#8220;on|phone&#8220; header_2_line_height_tablet=&#8220;&#8220; header_2_line_height_phone=&#8220;1.2em&#8220; header_2_line_height_last_edited=&#8220;on|phone&#8220; global_colors_info=&#8220;{}&#8220;]<\/p>\n<h2><\/h2>\n<p>[\/et_pb_text][et_pb_text module_id=&#8220;akce-kurzy&#8220; _builder_version=&#8220;4.27.2&#8243; _module_preset=&#8220;default&#8220; header_2_font=&#8220;Crimson Text||||||||&#8220; header_2_text_color=&#8220;#a26737&#8243; header_2_font_size=&#8220;80px&#8220; text_orientation=&#8220;center&#8220; max_width=&#8220;750px&#8220; module_alignment=&#8220;center&#8220; custom_margin=&#8220;-19px||16px|||&#8220; custom_padding=&#8220;25px|||||&#8220; header_2_font_size_tablet=&#8220;42px&#8220; header_2_font_size_phone=&#8220;26px&#8220; header_2_font_size_last_edited=&#8220;on|phone&#8220; header_2_line_height_tablet=&#8220;&#8220; header_2_line_height_phone=&#8220;1.2em&#8220; header_2_line_height_last_edited=&#8220;on|phone&#8220; locked=&#8220;off&#8220; global_colors_info=&#8220;{}&#8220;]<\/p>\n<h3 style=\"text-align: center;\"><strong>Podm\u00ednky ochrany osobn\u00edch \u00fadaj\u016f<\/strong><\/h3>\n<p>[\/et_pb_text][et_pb_text _builder_version=&#8220;4.27.2&#8243; _module_preset=&#8220;default&#8220; global_colors_info=&#8220;{}&#8220;]<\/p>\n<p class=\"has-text-align-center\"><strong>\u010ct\u011bte, jak nakl\u00e1d\u00e1m s va\u0161imi \u00fadaji podle Obecn\u00e9ho na\u0159\u00edzen\u00ed o ochran\u011b osobn\u00edch \u00fadaj\u016f (GDPR).<\/strong><\/p>\n<p>[\/et_pb_text][et_pb_text _builder_version=&#8220;4.27.2&#8243; _module_preset=&#8220;default&#8220; custom_margin=&#8220;||61px|||&#8220; global_colors_info=&#8220;{}&#8220;]<\/p>\n<h2 style=\"text-align: center;\">Kdo \u00fadaje sb\u00edr\u00e1<\/h2>\n<p style=\"text-align: center;\"><strong>Va\u0161e osobn\u00ed \u00fadaje sb\u00edr\u00e1:<\/strong><\/p>\n<p style=\"text-align: center;\">Miroslava Bauz<br \/>I\u010cO: 02186187<br \/>se s\u00eddlem Velhartice 12, 34142<\/p>\n<p style=\"text-align: center;\">Kontaktn\u00ed e-mail:<span> bauz.miri@gmail.com<br \/><\/span><\/p>\n<div class=\"wp-block-columns is-layout-flex wp-container-core-columns-is-layout-1 wp-block-columns-is-layout-flex\">\n<div class=\"wp-block-column is-layout-flow wp-block-column-is-layout-flow\">\n<p class=\"has-text-align-center\">\n<\/div>\n<\/div>\n<p>[\/et_pb_text][et_pb_text _builder_version=&#8220;4.27.2&#8243; _module_preset=&#8220;default&#8220; global_colors_info=&#8220;{}&#8220;]<\/p>\n<h2>Jak\u00e9 \u00fadaje a pro\u010d zpracov\u00e1v\u00e1m<\/h2>\n<p>V kontaktn\u00edm a popt\u00e1vkov\u00e9m formul\u00e1\u0159i sb\u00edr\u00e1m va\u0161e jm\u00e9no a e-mail, abych v\u00e1m mohla odpov\u011bd\u011bt na dotazy v r\u00e1mci budouc\u00edho pln\u011bn\u00ed smlouvy, nebo abych mohla p\u0159ipravit n\u00e1vrh \u0159e\u0161en\u00ed a cenovou nab\u00eddku.<\/p>\n<h2>Jak dlouho \u00fadaje uchov\u00e1v\u00e1m<\/h2>\n<h2><span style=\"font-size: 14px; font-weight: 500;\">Zasl\u00e1n\u00ed kontaktn\u00edho\/popt\u00e1vkov\u00e9ho formul\u00e1\u0159e: po dobu 1 roku.<\/span><\/h2>\n<h2>Kdo \u00fadaje zpracov\u00e1v\u00e1<\/h2>\n<p>Zpracovatelem \u00fadaj\u016f je Miroslava Bauz (I\u010cO 02186187, se s\u00eddlem Velhartice 12, 34142), kter\u00e1 provozuje tento web.<\/p>\n<p><span style=\"font-size: 26px; font-weight: bold;\">Na co m\u00e1te pr\u00e1vo<\/span><\/p>\n<div class=\"wp-block-columns is-layout-flex wp-container-core-columns-is-layout-2 wp-block-columns-is-layout-flex\">\n<div class=\"wp-block-column is-layout-flow wp-block-column-is-layout-flow\">\n<ul>\n<li>Dot\u00e1zat se, jak\u00e9 \u00fadaje zpracov\u00e1v\u00e1m, za jak\u00fdm \u00fa\u010delem, v jak\u00e9m rozsahu, jak dlouho a kdo k nim m\u00e1 p\u0159\u00edstup.<\/li>\n<li>M\u016f\u017eete po\u017e\u00e1dat o opravu, nebo v\u00fdmaz t\u011bchto \u00fadaj\u016f.<\/li>\n<\/ul>\n<h2>Kam se m\u016f\u017eete obr\u00e1tit<\/h2>\n<p>Pokud si mysl\u00edte, \u017ee va\u0161e \u00fadaje zpracov\u00e1v\u00e1m v rozporu s p\u0159\u00edslu\u0161n\u00fdmi pr\u00e1vn\u00edmi p\u0159edpisy, kontaktujte m\u011b.<\/p>\n<p>Pokud nebudete s\u00a0\u0159e\u0161en\u00edm va\u0161\u00ed st\u00ed\u017enosti spokojeni, m\u016f\u017eete podat st\u00ed\u017enost na<span>\u00a0<\/span><a href=\"https:\/\/www.uoou.cz\/\">\u00da\u0159ad pro ochranu osobn\u00edch \u00fadaj\u016f<\/a>.<\/p>\n<\/div>\n<\/div>\n<hr class=\"wp-block-separator has-alpha-channel-opacity\" \/>\n<p class=\"has-text-align-center\"><em>Tyto Podm\u00ednky ochrany osobn\u00edch \u00fadaj\u016f jsou platn\u00e9 a \u00fa\u010dinn\u00e9 od 17.11.2024<\/em><\/p>\n<p>[\/et_pb_text][\/et_pb_column][\/et_pb_row][\/et_pb_section]<\/p>\n","protected":false},"excerpt":{"rendered":"<p>Podm\u00ednky ochrany osobn\u00edch \u00fadaj\u016f\u010ct\u011bte, jak nakl\u00e1d\u00e1m s va\u0161imi \u00fadaji podle Obecn\u00e9ho na\u0159\u00edzen\u00ed o ochran\u011b osobn\u00edch \u00fadaj\u016f (GDPR).Kdo \u00fadaje sb\u00edr\u00e1 Va\u0161e osobn\u00ed \u00fadaje sb\u00edr\u00e1: Miroslava BauzI\u010cO: 02186187se s\u00eddlem Velhartice 12, 34142 Kontaktn\u00ed e-mail: bauz.miri@gmail.com Jak\u00e9 \u00fadaje a pro\u010d zpracov\u00e1v\u00e1m V kontaktn\u00edm a popt\u00e1vkov\u00e9m formul\u00e1\u0159i sb\u00edr\u00e1m va\u0161e jm\u00e9no a e-mail, abych v\u00e1m mohla odpov\u011bd\u011bt na dotazy v [&hellip;]<\/p>\n","protected":false},"author":1,"featured_media":0,"parent":0,"menu_order":0,"comment_status":"closed","ping_status":"closed","template":"","meta":{"_et_pb_use_builder":"on","_et_pb_old_content":"","_et_gb_content_width":"","footnotes":""},"class_list":["post-710","page","type-page","status-publish","hentry"],"yoast_head":"<!-- This site is optimized with the Yoast SEO plugin v27.5 - https:\/\/yoast.com\/product\/yoast-seo-wordpress\/ -->\n<title>GDPR - smiroslavou.art<\/title>\n<meta name=\"robots\" content=\"index, follow, max-snippet:-1, max-image-preview:large, max-video-preview:-1\" \/>\n<link rel=\"canonical\" href=\"https:\/\/www.smiroslavou.art\/?page_id=710\" \/>\n<meta property=\"og:locale\" content=\"cs_CZ\" \/>\n<meta property=\"og:type\" content=\"article\" \/>\n<meta property=\"og:title\" content=\"GDPR - smiroslavou.art\" \/>\n<meta property=\"og:description\" content=\"Podm\u00ednky ochrany osobn\u00edch \u00fadaj\u016f\u010ct\u011bte, jak nakl\u00e1d\u00e1m s va\u0161imi \u00fadaji podle Obecn\u00e9ho na\u0159\u00edzen\u00ed o ochran\u011b osobn\u00edch \u00fadaj\u016f (GDPR).Kdo \u00fadaje sb\u00edr\u00e1 Va\u0161e osobn\u00ed \u00fadaje sb\u00edr\u00e1: Miroslava BauzI\u010cO: 02186187se s\u00eddlem Velhartice 12, 34142 Kontaktn\u00ed e-mail: bauz.miri@gmail.com Jak\u00e9 \u00fadaje a pro\u010d zpracov\u00e1v\u00e1m V kontaktn\u00edm a popt\u00e1vkov\u00e9m formul\u00e1\u0159i sb\u00edr\u00e1m va\u0161e jm\u00e9no a e-mail, abych v\u00e1m mohla odpov\u011bd\u011bt na dotazy v [&hellip;]\" \/>\n<meta property=\"og:url\" content=\"https:\/\/www.smiroslavou.art\/?page_id=710\" \/>\n<meta property=\"og:site_name\" content=\"smiroslavou.art\" \/>\n<meta property=\"article:modified_time\" content=\"2024-11-28T06:50:00+00:00\" \/>\n<meta property=\"og:image\" content=\"https:\/\/www.smiroslavou.art\/wp-content\/uploads\/2025\/02\/DSC01766-scaled.jpg\" \/>\n\t<meta property=\"og:image:width\" content=\"2560\" \/>\n\t<meta property=\"og:image:height\" content=\"1707\" \/>\n\t<meta property=\"og:image:type\" content=\"image\/jpeg\" \/>\n<meta name=\"twitter:card\" content=\"summary_large_image\" \/>\n<script type=\"application\/ld+json\" class=\"yoast-schema-graph\">{\"@context\":\"https:\\\/\\\/schema.org\",\"@graph\":[{\"@type\":\"WebPage\",\"@id\":\"https:\\\/\\\/www.smiroslavou.art\\\/?page_id=710\",\"url\":\"https:\\\/\\\/www.smiroslavou.art\\\/?page_id=710\",\"name\":\"GDPR - smiroslavou.art\",\"isPartOf\":{\"@id\":\"https:\\\/\\\/www.smiroslavou.art\\\/#website\"},\"datePublished\":\"2024-11-17T08:49:59+00:00\",\"dateModified\":\"2024-11-28T06:50:00+00:00\",\"breadcrumb\":{\"@id\":\"https:\\\/\\\/www.smiroslavou.art\\\/?page_id=710#breadcrumb\"},\"inLanguage\":\"cs\",\"potentialAction\":[{\"@type\":\"ReadAction\",\"target\":[\"https:\\\/\\\/www.smiroslavou.art\\\/?page_id=710\"]}]},{\"@type\":\"BreadcrumbList\",\"@id\":\"https:\\\/\\\/www.smiroslavou.art\\\/?page_id=710#breadcrumb\",\"itemListElement\":[{\"@type\":\"ListItem\",\"position\":1,\"name\":\"Dom\u016f\",\"item\":\"https:\\\/\\\/www.smiroslavou.art\\\/\"},{\"@type\":\"ListItem\",\"position\":2,\"name\":\"GDPR\"}]},{\"@type\":\"WebSite\",\"@id\":\"https:\\\/\\\/www.smiroslavou.art\\\/#website\",\"url\":\"https:\\\/\\\/www.smiroslavou.art\\\/\",\"name\":\"smiroslavou.art\",\"description\":\"Smiroslavou.art\",\"potentialAction\":[{\"@type\":\"SearchAction\",\"target\":{\"@type\":\"EntryPoint\",\"urlTemplate\":\"https:\\\/\\\/www.smiroslavou.art\\\/?s={search_term_string}\"},\"query-input\":{\"@type\":\"PropertyValueSpecification\",\"valueRequired\":true,\"valueName\":\"search_term_string\"}}],\"inLanguage\":\"cs\"}]}<\/script>\n<!-- \/ Yoast SEO plugin. -->","yoast_head_json":{"title":"GDPR - smiroslavou.art","robots":{"index":"index","follow":"follow","max-snippet":"max-snippet:-1","max-image-preview":"max-image-preview:large","max-video-preview":"max-video-preview:-1"},"canonical":"https:\/\/www.smiroslavou.art\/?page_id=710","og_locale":"cs_CZ","og_type":"article","og_title":"GDPR - smiroslavou.art","og_description":"Podm\u00ednky ochrany osobn\u00edch \u00fadaj\u016f\u010ct\u011bte, jak nakl\u00e1d\u00e1m s va\u0161imi \u00fadaji podle Obecn\u00e9ho na\u0159\u00edzen\u00ed o ochran\u011b osobn\u00edch \u00fadaj\u016f (GDPR).Kdo \u00fadaje sb\u00edr\u00e1 Va\u0161e osobn\u00ed \u00fadaje sb\u00edr\u00e1: Miroslava BauzI\u010cO: 02186187se s\u00eddlem Velhartice 12, 34142 Kontaktn\u00ed e-mail: bauz.miri@gmail.com Jak\u00e9 \u00fadaje a pro\u010d zpracov\u00e1v\u00e1m V kontaktn\u00edm a popt\u00e1vkov\u00e9m formul\u00e1\u0159i sb\u00edr\u00e1m va\u0161e jm\u00e9no a e-mail, abych v\u00e1m mohla odpov\u011bd\u011bt na dotazy v [&hellip;]","og_url":"https:\/\/www.smiroslavou.art\/?page_id=710","og_site_name":"smiroslavou.art","article_modified_time":"2024-11-28T06:50:00+00:00","og_image":[{"width":2560,"height":1707,"url":"https:\/\/www.smiroslavou.art\/wp-content\/uploads\/2025\/02\/DSC01766-scaled.jpg","type":"image\/jpeg"}],"twitter_card":"summary_large_image","schema":{"@context":"https:\/\/schema.org","@graph":[{"@type":"WebPage","@id":"https:\/\/www.smiroslavou.art\/?page_id=710","url":"https:\/\/www.smiroslavou.art\/?page_id=710","name":"GDPR - smiroslavou.art","isPartOf":{"@id":"https:\/\/www.smiroslavou.art\/#website"},"datePublished":"2024-11-17T08:49:59+00:00","dateModified":"2024-11-28T06:50:00+00:00","breadcrumb":{"@id":"https:\/\/www.smiroslavou.art\/?page_id=710#breadcrumb"},"inLanguage":"cs","potentialAction":[{"@type":"ReadAction","target":["https:\/\/www.smiroslavou.art\/?page_id=710"]}]},{"@type":"BreadcrumbList","@id":"https:\/\/www.smiroslavou.art\/?page_id=710#breadcrumb","itemListElement":[{"@type":"ListItem","position":1,"name":"Dom\u016f","item":"https:\/\/www.smiroslavou.art\/"},{"@type":"ListItem","position":2,"name":"GDPR"}]},{"@type":"WebSite","@id":"https:\/\/www.smiroslavou.art\/#website","url":"https:\/\/www.smiroslavou.art\/","name":"smiroslavou.art","description":"Smiroslavou.art","potentialAction":[{"@type":"SearchAction","target":{"@type":"EntryPoint","urlTemplate":"https:\/\/www.smiroslavou.art\/?s={search_term_string}"},"query-input":{"@type":"PropertyValueSpecification","valueRequired":true,"valueName":"search_term_string"}}],"inLanguage":"cs"}]}},"_links":{"self":[{"href":"https:\/\/www.smiroslavou.art\/index.php?rest_route=\/wp\/v2\/pages\/710","targetHints":{"allow":["GET"]}}],"collection":[{"href":"https:\/\/www.smiroslavou.art\/index.php?rest_route=\/wp\/v2\/pages"}],"about":[{"href":"https:\/\/www.smiroslavou.art\/index.php?rest_route=\/wp\/v2\/types\/page"}],"author":[{"embeddable":true,"href":"https:\/\/www.smiroslavou.art\/index.php?rest_route=\/wp\/v2\/users\/1"}],"replies":[{"embeddable":true,"href":"https:\/\/www.smiroslavou.art\/index.php?rest_route=%2Fwp%2Fv2%2Fcomments&post=710"}],"version-history":[{"count":7,"href":"https:\/\/www.smiroslavou.art\/index.php?rest_route=\/wp\/v2\/pages\/710\/revisions"}],"predecessor-version":[{"id":726,"href":"https:\/\/www.smiroslavou.art\/index.php?rest_route=\/wp\/v2\/pages\/710\/revisions\/726"}],"wp:attachment":[{"href":"https:\/\/www.smiroslavou.art\/index.php?rest_route=%2Fwp%2Fv2%2Fmedia&parent=710"}],"curies":[{"name":"wp","href":"https:\/\/api.w.org\/{rel}","templated":true}]}}